{"id":12544,"date":"2022-01-21T19:45:30","date_gmt":"2022-01-21T19:45:30","guid":{"rendered":"https:\/\/www.nushu.cat\/?post_type=product&#038;p=12544"},"modified":"2026-04-11T21:58:50","modified_gmt":"2026-04-11T19:58:50","slug":"compresa-de-tela-de-dia-m","status":"publish","type":"product","link":"https:\/\/www.nushu.cat\/es\/producto\/compresa-de-tela-de-dia-m\/","title":{"rendered":"Compresa de tela de d\u00eda M"},"content":{"rendered":"<p data-start=\"1045\" data-end=\"1323\"><strong data-start=\"1048\" data-end=\"1091\">La compresa de tela reutilizable de d\u00eda M <\/strong>de <strong data-start=\"1095\" data-end=\"1104\">n\u00fcshu<\/strong> est\u00e1 pensada para los d\u00edas de sangrado moderado o los primeros y \u00faltimos d\u00edas de la menstruaci\u00f3n.<br data-start=\"1195\" data-end=\"1198\" \/>Su tama\u00f1o medio y forma adaptada ofrecen confort y libertad de movimiento, manteniendo una protecci\u00f3n eficaz durante horas.<\/p>\n<p data-start=\"1325\" data-end=\"1464\">Se ajusta a la <strong data-start=\"1349\" data-end=\"1358\">braga<\/strong> mediante un<strong data-start=\"1373\" data-end=\"1389\"> bot\u00f3n de clic libre de n\u00edquel<\/strong>, que asegura una sujeci\u00f3n firme sin causar molestias.<\/p>\n<p data-start=\"1466\" data-end=\"1698\">Las compresas de tela <strong data-start=\"1488\" data-end=\"1497\">n\u00fcshu<\/strong> est\u00e1n fabricadas en Espa\u00f1a. Concretamente en un pueblo de la costa, en <strong data-start=\"1575\" data-end=\"1591\">Canet de Mar.<\/strong> Una a una han sido <strong data-start=\"1613\" data-end=\"1651\">confeccionadas de forma artesanal <\/strong>con <strong data-start=\"1656\" data-end=\"1697\">materiales de calidad y de proximidad.<\/strong><\/p>\n<p data-start=\"1700\" data-end=\"1810\">Todos los tejidos cuentan con el certificado <strong data-start=\"1743\" data-end=\"1760\">OEKO-TEX\u00ae 100,<\/strong> que garantiza la ausencia de sustancias nocivas.<\/p>\n<p data-start=\"1812\" data-end=\"1926\"><strong data-start=\"1812\" data-end=\"1862\">Son veganas y libres de maltrato animal.<\/strong> Te sorprender\u00e1 su capacidad de absorci\u00f3n a pesar de lo finas que son.<\/p>\n<h2 data-start=\"1933\" data-end=\"1988\">Materiales de la compresa reutilizable de d\u00eda M<\/h2>\n<p data-start=\"1990\" data-end=\"2086\">Las compresas de tela de <strong data-start=\"2015\" data-end=\"2024\">n\u00fcshu<\/strong> est\u00e1n formadas por diferentes capas cuidadosamente seleccionadas:<\/p>\n<ul>\n<li data-start=\"2090\" data-end=\"2216\"><strong data-start=\"2090\" data-end=\"2135\">Capa interior (en contacto con la vulva):<\/strong> franela de algod\u00f3n 100 %, suave y agradable.<\/li>\n<li data-start=\"2219\" data-end=\"2335\"><strong data-start=\"2219\" data-end=\"2241\">Capas intermedias:<\/strong> varias capas de algod\u00f3n 100 % que absorben el flujo menstrual de forma uniforme y eficaz.<\/li>\n<li data-start=\"2338\" data-end=\"2497\"><strong data-start=\"2338\" data-end=\"2368\">Capa impermeable laminada: <\/strong>membrana transpirable que <strong data-start=\"2395\" data-end=\"2411\">evita fugas <\/strong>y reduce la proliferaci\u00f3n de hongos o bacterias.<\/li>\n<li data-start=\"2500\" data-end=\"2654\"><strong data-start=\"2500\" data-end=\"2518\">Capa exterior:<\/strong> tejido de algod\u00f3n estampado, alegre y colorido, que queda en contacto con la braga y aporta un toque de personalidad a tu menstruaci\u00f3n.<\/li>\n<\/ul>\n<p data-start=\"2656\" data-end=\"2773\">Todos los tejidos cuentan con certificaci\u00f3n <strong data-start=\"2698\" data-end=\"2715\">OEKO-TEX\u00ae 100,<\/strong> asegurando procesos seguros y sin sustancias nocivas.<\/p>\n<p data-start=\"2775\" data-end=\"2905\">Recuerda que<strong data-start=\"2787\" data-end=\"2824\"> no se usa por ambos lados<\/strong>: la cara lisa y suave de franela es la que se coloca en contacto con la piel.<\/p>\n<h2 data-start=\"2912\" data-end=\"2967\">C\u00f3mo lavar las compresas de tela reutilizables<\/h2>\n<p data-start=\"2969\" data-end=\"3238\">Durante tu regla, puedes dejar un barre\u00f1o con <strong data-start=\"3018\" data-end=\"3033\">agua fr\u00eda <\/strong>para dejar reposar la compresa tras su uso y facilitar que la sangre se desprenda del tejido.<br data-start=\"3142\" data-end=\"3145\" \/>A\u00f1adir unas gotas de <strong data-start=\"3166\" data-end=\"3198\">aceite esencial de \u00e1rbol del t\u00e9<\/strong> puede ayudar a evitar bacterias y hongos.<\/p>\n<p data-start=\"3240\" data-end=\"3250\">Despu\u00e9s:<\/p>\n<ol>\n<li data-start=\"3254\" data-end=\"3317\">Lava a mano con <a href=\"https:\/\/www.nushu.cat\/es\/producto\/jabon-sostenible\/\"><strong data-start=\"3269\" data-end=\"3284\">jab\u00f3n neutro<\/strong><\/a> o en lavadora (m\u00e1x. 30 \u00b0C).<\/li>\n<li data-start=\"3321\" data-end=\"3360\">No uses secadora ni plancha.<\/li>\n<li data-start=\"3364\" data-end=\"3414\"><strong data-start=\"3364\" data-end=\"3376\">Ti\u00e9ndela<\/strong> al aire y evita guardarla h\u00fameda.<\/li>\n<li data-start=\"3418\" data-end=\"3495\">Para manchas dif\u00edciles, puedes recurrir al <strong data-start=\"3458\" data-end=\"3465\">sol<\/strong> o al <strong data-start=\"3471\" data-end=\"3492\"><a href=\"https:\/\/www.nushu.cat\/es\/producto\/percarbonato\/\">percarbonato s\u00f3dico.<\/a><\/strong><\/li>\n<\/ol>\n<p data-start=\"3497\" data-end=\"3634\">Con estos cuidados, tus compresas de tela pueden acompa\u00f1arte <strong data-start=\"3565\" data-end=\"3582\">m\u00e1s de 3 a\u00f1os,<\/strong> manteniendo su capacidad de absorci\u00f3n y suavidad.<\/p>\n<h2 data-start=\"3641\" data-end=\"3680\">Detalles de la compresa de d\u00eda M<\/h2>\n<ul>\n<li data-start=\"3684\" data-end=\"3740\"><strong data-start=\"3684\" data-end=\"3705\">Tipo de absorci\u00f3n:<\/strong> media (flujo menstrual moderado)<\/li>\n<li data-start=\"3743\" data-end=\"3765\"><strong data-start=\"3743\" data-end=\"3753\">Medidas:<\/strong> 21 x 7 cm<\/li>\n<li data-start=\"3768\" data-end=\"3799\"><strong data-start=\"3768\" data-end=\"3783\">Certificado:<\/strong> OEKO-TEX\u00ae 100<\/li>\n<li data-start=\"3802\" data-end=\"3855\"><strong data-start=\"3802\" data-end=\"3825\">Lugar de fabricaci\u00f3n:<\/strong> Hecho en Canet de Mar, Espa\u00f1a<\/li>\n<li data-start=\"3858\" data-end=\"3914\"><strong data-start=\"3858\" data-end=\"3869\">Modelos:<\/strong> disponible en diferentes estampados y colores<\/li>\n<\/ul>\n<p>&nbsp;<\/p>\n<h2>Otros modelos de compresas de tela<\/h2>\n<p data-start=\"3370\" data-end=\"3515\">Cada momento del ciclo menstrual es distinto, por eso en <strong data-start=\"3426\" data-end=\"3435\">n\u00fcshu<\/strong> encontrar\u00e1s diferentes modelos de compresas de tela adaptados a cada necesidad:<\/p>\n<ul>\n<li data-start=\"3519\" data-end=\"3637\"><strong data-start=\"3519\" data-end=\"3541\"><a href=\"https:\/\/www.nushu.cat\/es\/productes\/higiene-menstrual-sostenible\/compresas_de_tela\/salvaslip\/\">Salvaslip de tela:<\/a><\/strong> de absorci\u00f3n ligera, ideal para los primeros y \u00faltimos d\u00edas, uso diario o peque\u00f1as p\u00e9rdidas de orina.<\/li>\n<li data-start=\"3640\" data-end=\"3820\"><strong data-start=\"3640\" data-end=\"3661\"><a href=\"https:\/\/www.nushu.cat\/es\/productes\/higiene-menstrual-sostenible\/compresas_de_tela\/dia\/\">Compresas de dia:<\/a><\/strong> de absorci\u00f3n mediana o fuerte. Los modelos<strong data-start=\"3701\" data-end=\"3706\"><a href=\"https:\/\/www.nushu.cat\/es\/producto\/m\/\"> M<\/a><\/strong> y <strong data-start=\"3709\" data-end=\"3714\"><a href=\"https:\/\/www.nushu.cat\/es\/producto\/l\/\">L <\/a><\/strong>se adaptan a reglas poco abundantes o sangrados m\u00e1s intensos, y tambi\u00e9n a p\u00e9rdidas de orina moderadas o severas.<\/li>\n<li data-start=\"3823\" data-end=\"3984\"><a href=\"https:\/\/www.nushu.cat\/es\/productes\/higiene-menstrual-sostenible\/compresas_de_tela\/noche\/\"><strong data-start=\"3823\" data-end=\"3844\">Compresas de noche: <\/strong><\/a>con absorci\u00f3n muy fuerte y dise\u00f1o m\u00e1s largo por detr\u00e1s, perfectas para dormir con tranquilidad. Disponibles en tallas <a href=\"https:\/\/www.nushu.cat\/es\/producto\/xl\/\"> <strong data-start=\"3965\" data-end=\"3971\">XL<\/strong> y<\/a> <a href=\"https:\/\/www.nushu.cat\/es\/producto\/xxl\/\"><strong data-start=\"3974\" data-end=\"3981\">XXL<\/strong> <\/a>.<\/li>\n<li data-start=\"3987\" data-end=\"4130\"><strong data-start=\"3987\" data-end=\"4014\"><a href=\"https:\/\/www.nushu.cat\/es\/productes\/higiene-menstrual-sostenible\/compresas_de_tela\/grandes\/\">Compresas grandes algod\u00f3n<\/a><\/strong> o <strong data-start=\"4017\" data-end=\"4047\"><a href=\"https:\/\/www.nushu.cat\/es\/productes\/higiene-menstrual-sostenible\/compresas_de_tela\/postparto\/\">compresas para el postparto:<\/a><\/strong> para sangrados muy abundantes, con m\u00e1xima capacidad de absorci\u00f3n y cobertura extra.<\/li>\n<\/ul>\n<p data-start=\"4132\" data-end=\"4287\">\u00a1Te invito a que te <strong data-start=\"4147\" data-end=\"4192\"><a href=\"https:\/\/www.nushu.cat\/wp-content\/uploads\/2024\/02\/nushu-diagrama_vat-1.pdf\">descargues este diagrama menstrual<\/a><\/strong> y empieces a ponerlo en pr\u00e1ctica! \u00a1Es una herramienta que si la sabes utilizar te ser\u00e1 muy valiosa!<\/p>\n","protected":false},"excerpt":{"rendered":"<ul>\n<li data-start=\"659\" data-end=\"772\">Compresa de tela reutilizable de <strong data-start=\"692\" data-end=\"712\">absorci\u00f3n media<\/strong>, para reglas no muy fuertes o para d\u00edas poco abundantes.<\/li>\n<li data-start=\"775\" data-end=\"812\">Para cambiar m\u00e1s frecuentemente la compresa.<\/li>\n<li data-start=\"815\" data-end=\"869\">Para <strong data-start=\"821\" data-end=\"866\">p\u00e9rdidas de orina e incontinencia moderadas.<\/strong><\/li>\n<li data-start=\"872\" data-end=\"978\">Su dise\u00f1o c\u00f3modo y ligero ofrece una protecci\u00f3n eficaz sin renunciar a la suavidad del<strong data-start=\"967\" data-end=\"975\"> algod\u00f3n.<\/strong><\/li>\n<li data-start=\"981\" data-end=\"1010\"><strong data-start=\"981\" data-end=\"991\">Medidas:<\/strong> 21 \u00d7 7 cm aprox.<\/li>\n<\/ul>\n","protected":false},"featured_media":268229,"template":"","meta":{"_acf_changed":false},"product_brand":[],"product_cat":[846,224,207,268],"product_tag":[],"class_list":{"0":"post-12544","1":"product","2":"type-product","3":"status-publish","4":"has-post-thumbnail","6":"product_cat-dia","7":"product_cat-compresas_de_tela","8":"product_cat-higiene-menstrual-sostenible","9":"product_cat-sostenible","11":"first","12":"instock","13":"featured","14":"taxable","15":"shipping-taxable","16":"purchasable","17":"product-type-variable","18":"has-default-attributes"},"acf":[],"yoast_head":"<!-- This site is optimized with the Yoast SEO plugin v27.4 - https:\/\/yoast.com\/product\/yoast-seo-wordpress\/ -->\n<title>Compresa de d\u00eda M reutilizable para flujo menstrual - n\u00fcshu<\/title>\n<meta name=\"description\" content=\"Compresa de tela reutilizable de absorci\u00f3n media, ideal para los d\u00edas de regla con flujo moderado. Hecha en Espa\u00f1a con algod\u00f3n certificado OEKO-TEX\u00ae. Vive tu menstruaci\u00f3n sostenible con n\u00fcshu.\" \/>\n<meta name=\"robots\" content=\"index, follow, max-snippet:-1, max-image-preview:large, max-video-preview:-1\" \/>\n<link rel=\"canonical\" href=\"https:\/\/www.nushu.cat\/es\/producto\/compresa-de-tela-de-dia-m\/\" \/>\n<meta property=\"og:locale\" content=\"es_ES\" \/>\n<meta property=\"og:type\" content=\"article\" \/>\n<meta property=\"og:title\" content=\"Compresa de d\u00eda M reutilizable para flujo menstrual - n\u00fcshu\" \/>\n<meta property=\"og:description\" content=\"Compresa de tela reutilizable de absorci\u00f3n media, ideal para los d\u00edas de regla con flujo moderado. Hecha en Espa\u00f1a con algod\u00f3n certificado OEKO-TEX\u00ae. Vive tu menstruaci\u00f3n sostenible con n\u00fcshu.\" \/>\n<meta property=\"og:url\" content=\"https:\/\/www.nushu.cat\/es\/producto\/compresa-de-tela-de-dia-m\/\" \/>\n<meta property=\"og:site_name\" content=\"n\u00fcshu\" \/>\n<meta property=\"article:publisher\" content=\"https:\/\/www.facebook.com\/nushu.artesania\/\" \/>\n<meta property=\"article:modified_time\" content=\"2026-04-11T19:58:50+00:00\" \/>\n<meta property=\"og:image\" content=\"https:\/\/www.nushu.cat\/wp-content\/uploads\/2022\/01\/compresa-tela-dia-m-diamante.webp\" \/>\n\t<meta property=\"og:image:width\" content=\"765\" \/>\n\t<meta property=\"og:image:height\" content=\"766\" \/>\n\t<meta property=\"og:image:type\" content=\"image\/webp\" \/>\n<meta name=\"twitter:card\" content=\"summary_large_image\" \/>\n<meta name=\"twitter:label1\" content=\"Tiempo de lectura\" \/>\n\t<meta name=\"twitter:data1\" content=\"3 minutos\" \/>\n<!-- \/ Yoast SEO plugin. -->","yoast_head_json":{"title":"Compresa de d\u00eda M reutilizable para flujo menstrual - n\u00fcshu","description":"Compresa de tela reutilizable de absorci\u00f3n media, ideal para los d\u00edas de regla con flujo moderado. Hecha en Espa\u00f1a con algod\u00f3n certificado OEKO-TEX\u00ae. Vive tu menstruaci\u00f3n sostenible con n\u00fcshu.","robots":{"index":"index","follow":"follow","max-snippet":"max-snippet:-1","max-image-preview":"max-image-preview:large","max-video-preview":"max-video-preview:-1"},"canonical":"https:\/\/www.nushu.cat\/es\/producto\/compresa-de-tela-de-dia-m\/","og_locale":"es_ES","og_type":"article","og_title":"Compresa de d\u00eda M reutilizable para flujo menstrual - n\u00fcshu","og_description":"Compresa de tela reutilizable de absorci\u00f3n media, ideal para los d\u00edas de regla con flujo moderado. Hecha en Espa\u00f1a con algod\u00f3n certificado OEKO-TEX\u00ae. Vive tu menstruaci\u00f3n sostenible con n\u00fcshu.","og_url":"https:\/\/www.nushu.cat\/es\/producto\/compresa-de-tela-de-dia-m\/","og_site_name":"n\u00fcshu","article_publisher":"https:\/\/www.facebook.com\/nushu.artesania\/","article_modified_time":"2026-04-11T19:58:50+00:00","og_image":[{"width":765,"height":766,"url":"https:\/\/www.nushu.cat\/wp-content\/uploads\/2022\/01\/compresa-tela-dia-m-diamante.webp","type":"image\/webp"}],"twitter_card":"summary_large_image","twitter_misc":{"Tiempo de lectura":"3 minutos"},"schema":{"@context":"https:\/\/schema.org","@graph":[{"@type":"WebPage","@id":"https:\/\/www.nushu.cat\/es\/producto\/compresa-de-tela-de-dia-m\/","url":"https:\/\/www.nushu.cat\/es\/producto\/compresa-de-tela-de-dia-m\/","name":"Compresa de d\u00eda M reutilizable para flujo menstrual - n\u00fcshu","isPartOf":{"@id":"https:\/\/www.nushu.cat\/es\/#website"},"primaryImageOfPage":{"@id":"https:\/\/www.nushu.cat\/es\/producto\/compresa-de-tela-de-dia-m\/#primaryimage"},"image":{"@id":"https:\/\/www.nushu.cat\/es\/producto\/compresa-de-tela-de-dia-m\/#primaryimage"},"thumbnailUrl":"https:\/\/www.nushu.cat\/wp-content\/uploads\/2022\/01\/compresa-tela-dia-m-diamante.webp","datePublished":"2022-01-21T19:45:30+00:00","dateModified":"2026-04-11T19:58:50+00:00","description":"Compresa de tela reutilizable de absorci\u00f3n media, ideal para los d\u00edas de regla con flujo moderado. Hecha en Espa\u00f1a con algod\u00f3n certificado OEKO-TEX\u00ae. Vive tu menstruaci\u00f3n sostenible con n\u00fcshu.","breadcrumb":{"@id":"https:\/\/www.nushu.cat\/es\/producto\/compresa-de-tela-de-dia-m\/#breadcrumb"},"inLanguage":"es","potentialAction":[{"@type":"ReadAction","target":["https:\/\/www.nushu.cat\/es\/producto\/compresa-de-tela-de-dia-m\/"]}]},{"@type":"ImageObject","inLanguage":"es","@id":"https:\/\/www.nushu.cat\/es\/producto\/compresa-de-tela-de-dia-m\/#primaryimage","url":"https:\/\/www.nushu.cat\/wp-content\/uploads\/2022\/01\/compresa-tela-dia-m-diamante.webp","contentUrl":"https:\/\/www.nushu.cat\/wp-content\/uploads\/2022\/01\/compresa-tela-dia-m-diamante.webp","width":765,"height":766,"caption":"Compresa de tela de d\u00eda M estampado diamante reutilizable n\u00fcshu"},{"@type":"BreadcrumbList","@id":"https:\/\/www.nushu.cat\/es\/producto\/compresa-de-tela-de-dia-m\/#breadcrumb","itemListElement":[{"@type":"ListItem","position":1,"name":"Inici","item":"https:\/\/www.nushu.cat\/es\/compreses-de-tela\/"},{"@type":"ListItem","position":2,"name":"Tienda","item":"https:\/\/www.nushu.cat\/es\/tienda\/"},{"@type":"ListItem","position":3,"name":"Compresa de tela de d\u00eda M"}]},{"@type":"WebSite","@id":"https:\/\/www.nushu.cat\/es\/#website","url":"https:\/\/www.nushu.cat\/es\/","name":"n\u00fcshu","description":"natural &amp; sostenible","publisher":{"@id":"https:\/\/www.nushu.cat\/es\/#organization"},"potentialAction":[{"@type":"SearchAction","target":{"@type":"EntryPoint","urlTemplate":"https:\/\/www.nushu.cat\/es\/?s={search_term_string}"},"query-input":{"@type":"PropertyValueSpecification","valueRequired":true,"valueName":"search_term_string"}}],"inLanguage":"es"},{"@type":"Organization","@id":"https:\/\/www.nushu.cat\/es\/#organization","name":"n\u00fcshu","url":"https:\/\/www.nushu.cat\/es\/","logo":{"@type":"ImageObject","inLanguage":"es","@id":"https:\/\/www.nushu.cat\/es\/#\/schema\/logo\/image\/","url":"https:\/\/www.nushu.cat\/wp-content\/uploads\/2024\/02\/nushu-share-1-1.png","contentUrl":"https:\/\/www.nushu.cat\/wp-content\/uploads\/2024\/02\/nushu-share-1-1.png","width":1080,"height":1080,"caption":"n\u00fcshu"},"image":{"@id":"https:\/\/www.nushu.cat\/es\/#\/schema\/logo\/image\/"},"sameAs":["https:\/\/www.facebook.com\/nushu.artesania\/","https:\/\/www.instagram.com\/nushu_artesania"]}]}},"jetpack_sharing_enabled":true,"_links":{"self":[{"href":"https:\/\/www.nushu.cat\/es\/wp-json\/wp\/v2\/product\/12544","targetHints":{"allow":["GET"]}}],"collection":[{"href":"https:\/\/www.nushu.cat\/es\/wp-json\/wp\/v2\/product"}],"about":[{"href":"https:\/\/www.nushu.cat\/es\/wp-json\/wp\/v2\/types\/product"}],"version-history":[{"count":5,"href":"https:\/\/www.nushu.cat\/es\/wp-json\/wp\/v2\/product\/12544\/revisions"}],"predecessor-version":[{"id":268390,"href":"https:\/\/www.nushu.cat\/es\/wp-json\/wp\/v2\/product\/12544\/revisions\/268390"}],"wp:featuredmedia":[{"embeddable":true,"href":"https:\/\/www.nushu.cat\/es\/wp-json\/wp\/v2\/media\/268229"}],"wp:attachment":[{"href":"https:\/\/www.nushu.cat\/es\/wp-json\/wp\/v2\/media?parent=12544"}],"wp:term":[{"taxonomy":"product_brand","embeddable":true,"href":"https:\/\/www.nushu.cat\/es\/wp-json\/wp\/v2\/product_brand?post=12544"},{"taxonomy":"product_cat","embeddable":true,"href":"https:\/\/www.nushu.cat\/es\/wp-json\/wp\/v2\/product_cat?post=12544"},{"taxonomy":"product_tag","embeddable":true,"href":"https:\/\/www.nushu.cat\/es\/wp-json\/wp\/v2\/product_tag?post=12544"}],"curies":[{"name":"wp","href":"https:\/\/api.w.org\/{rel}","templated":true}]}}