{"id":5480,"date":"2020-05-28T07:43:29","date_gmt":"2020-05-28T07:43:29","guid":{"rendered":"https:\/\/www.nushu.cat\/?post_type=product&#038;p=5480"},"modified":"2026-03-28T11:43:46","modified_gmt":"2026-03-28T10:43:46","slug":"compresa-tela-dia-ecologica-l","status":"publish","type":"product","link":"https:\/\/www.nushu.cat\/es\/producto\/compresa-tela-dia-ecologica-l\/","title":{"rendered":"Compresa de tela de d\u00eda ecol\u00f3gica L"},"content":{"rendered":"<p data-start=\"1108\" data-end=\"1317\">La <strong data-start=\"1111\" data-end=\"1142\">compresa de d\u00eda ecol\u00f3gica L<\/strong> de algod\u00f3n 100% de <strong data-start=\"1159\" data-end=\"1168\">n\u00fcshu<\/strong> est\u00e1 dise\u00f1ada para los d\u00edas de <strong data-start=\"1201\" data-end=\"1224\">sangrado m\u00e1s abundante,<\/strong> ofreciendo mayor capacidad de absorci\u00f3n sin renunciar al confort ni a la sostenibilidad.<\/p>\n<p data-start=\"1319\" data-end=\"1453\">Aporta <strong data-start=\"1326\" data-end=\"1366\">protecci\u00f3n duradera durante la jornada,<\/strong> con un tacto agradable y transpirable gracias a los<strong data-start=\"1418\" data-end=\"1451\"> tejidos org\u00e1nicos certificados.<\/strong><\/p>\n<p data-start=\"1455\" data-end=\"1573\">Se ajusta a la <strong data-start=\"1469\" data-end=\"1478\">braga<\/strong> con un<strong data-start=\"1486\" data-end=\"1519\"> bot\u00f3n de clic libre de n\u00edquel<\/strong>, que mantiene la compresa en su sitio sin molestias.<\/p>\n<p data-start=\"1575\" data-end=\"1793\">Las compresas de tela <strong data-start=\"1597\" data-end=\"1606\">n\u00fcshu<\/strong> est\u00e1n fabricadas en Espa\u00f1a. Concretamente en un pueblo de la costa:<strong data-start=\"1673\" data-end=\"1690\"> Canet de Mar.<\/strong> Una a una han sido <strong data-start=\"1711\" data-end=\"1791\">confeccionadas de forma artesanal con materiales de calidad y de proximidad.<\/strong><\/p>\n<p data-start=\"1795\" data-end=\"1907\">Todos los tejidos cuentan con el certificado <strong data-start=\"1838\" data-end=\"1855\">OEKO-TEX\u00ae 100,<\/strong> que garantiza la ausencia de sustancias nocivas.<\/p>\n<p data-start=\"1909\" data-end=\"2027\"><strong data-start=\"1909\" data-end=\"1959\">Son veganas y libres de maltrato animal.<\/strong> Te sorprender\u00e1 su capacidad de absorci\u00f3n a pesar de lo finas que son.<\/p>\n<h2 data-start=\"2034\" data-end=\"2078\">Materiales de la compresa ecol\u00f3gica L<\/h2>\n<p data-start=\"2080\" data-end=\"2178\">Las compresas de tela de <strong data-start=\"2105\" data-end=\"2114\">n\u00fcshu<\/strong> est\u00e1n formadas por diferentes capas cuidadosamente seleccionadas:<\/p>\n<ul>\n<li data-start=\"2182\" data-end=\"2270\"><strong data-start=\"2182\" data-end=\"2227\">Capa interior (en contacto con la vulva):<\/strong> franela de algod\u00f3n 100 %, suave y agradable.<\/li>\n<li data-start=\"2273\" data-end=\"2389\"><strong data-start=\"2273\" data-end=\"2295\">Capas intermedias:<\/strong> varias capas de algod\u00f3n 100 % que absorben el flujo menstrual de forma uniforme y eficaz.<\/li>\n<li data-start=\"2392\" data-end=\"2514\"><strong data-start=\"2392\" data-end=\"2422\">Capa impermeable laminada: <\/strong>membrana transpirable que<strong data-start=\"2449\" data-end=\"2465\"> evita fugas<\/strong> y reduce la proliferaci\u00f3n de hongos o bacterias.<\/li>\n<li data-start=\"2517\" data-end=\"2670\"><strong data-start=\"2517\" data-end=\"2535\">Capa exterior:<\/strong> tejido de algod\u00f3n estampado, alegre y colorido, que queda en contacto con la braga y aporta un toque de personalidad a tu menstruaci\u00f3n.<\/li>\n<\/ul>\n<p data-start=\"2672\" data-end=\"2831\">Todos los tejidos anteriormente citados cuentan con<strong data-start=\"2724\" data-end=\"2763\"> certificaciones GOTS y OEKO-TEX\u00ae 100,<\/strong> garantizando procesos ecol\u00f3gicos y ausencia de sustancias nocivas.<\/p>\n<p data-start=\"2833\" data-end=\"2963\">Recuerda que <strong data-start=\"2845\" data-end=\"2882\">no se usa por ambos lados:<\/strong> la cara lisa y suave de franela es la que se coloca en contacto con la piel.<\/p>\n<h2 data-start=\"2970\" data-end=\"3025\">C\u00f3mo lavar las compresas de tela reutilizables<\/h2>\n<p data-start=\"3027\" data-end=\"3282\">Durante tu regla, puedes dejar un barre\u00f1o con <strong data-start=\"3071\" data-end=\"3086\">agua fr\u00eda<\/strong> para dejar reposar la compresa tras su uso y facilitar que la sangre se desprenda del tejido.<br data-start=\"3192\" data-end=\"3195\" \/>A\u00f1adir unas gotas de <strong data-start=\"3215\" data-end=\"3247\">aceite esencial de \u00e1rbol del t\u00e9 <\/strong>ayuda a evitar bacterias y hongos.<\/p>\n<p data-start=\"3284\" data-end=\"3294\">Despu\u00e9s:<\/p>\n<ol>\n<li data-start=\"3298\" data-end=\"3361\">Lava a mano con <a href=\"https:\/\/www.nushu.cat\/es\/producto\/jabon-sostenible\/\"><strong data-start=\"3313\" data-end=\"3328\">jab\u00f3n neutro<\/strong><\/a> o en lavadora (m\u00e1x. 30 \u00b0C).<\/li>\n<li data-start=\"3365\" data-end=\"3404\">No uses secadora ni plancha.<\/li>\n<li data-start=\"3408\" data-end=\"3468\"><strong data-start=\"3408\" data-end=\"3420\">Ti\u00e9ndela<\/strong> al aire y evita guardarla h\u00fameda o plegada.<\/li>\n<li data-start=\"3472\" data-end=\"3549\">Para manchas dif\u00edciles, puedes recurrir al <strong data-start=\"3512\" data-end=\"3519\">sol<\/strong> o al <strong data-start=\"3525\" data-end=\"3547\"><a href=\"https:\/\/www.nushu.cat\/es\/producto\/percarbonato\/\">percarbonato s\u00f3dico.<\/a><\/strong><\/li>\n<\/ol>\n<p data-start=\"3551\" data-end=\"3690\">Con estos cuidados, tus compresas de tela pueden acompa\u00f1arte <strong data-start=\"3619\" data-end=\"3636\">m\u00e1s de 3 a\u00f1os,<\/strong> manteniendo su capacidad de absorci\u00f3n y suavidad.<\/p>\n<h3 data-start=\"3697\" data-end=\"3746\"><\/h3>\n<h2 data-start=\"3697\" data-end=\"3746\">Detalles de la compresa de d\u00eda L ecol\u00f3gica<\/h2>\n<ul>\n<li data-start=\"3750\" data-end=\"3805\"><strong data-start=\"3750\" data-end=\"3771\">Tipo de absorci\u00f3n:<\/strong> fuerte (flujo menstrual abundante)<\/li>\n<li data-start=\"3808\" data-end=\"3830\"><strong data-start=\"3808\" data-end=\"3818\">MEdidas:<\/strong> 21 \u00d7 7 cm<\/li>\n<li data-start=\"3833\" data-end=\"3871\"><strong data-start=\"3833\" data-end=\"3848\">Certificado:<\/strong> GOTS + OEKO-TEX\u00ae 100<\/li>\n<li data-start=\"3874\" data-end=\"3927\"><strong data-start=\"3874\" data-end=\"3897\">Lugar de fabricaci\u00f3n:<\/strong> Hecho en Canet de Mar, Espa\u00f1a<\/li>\n<li data-start=\"3930\" data-end=\"3986\"><strong data-start=\"3930\" data-end=\"3941\">Modelos:<\/strong> disponible en diferentes estampados y colores<\/li>\n<\/ul>\n<p>&nbsp;<\/p>\n<h2>Otros modelos de compresas de tela<\/h2>\n<p data-start=\"3370\" data-end=\"3515\">Cada momento del ciclo menstrual es distinto, por eso en <strong data-start=\"3426\" data-end=\"3435\">n\u00fcshu<\/strong> encontrar\u00e1s diferentes modelos de compresas de tela adaptados a cada necesidad:<\/p>\n<ul>\n<li data-start=\"3519\" data-end=\"3637\"><strong data-start=\"3519\" data-end=\"3541\"><a href=\"https:\/\/www.nushu.cat\/es\/productes\/higiene-menstrual-sostenible\/compresas_de_tela\/salvaslip\/\">Salvaslip de tela:<\/a><\/strong> de absorci\u00f3n ligera, ideal para los primeros y \u00faltimos d\u00edas, uso diario o peque\u00f1as p\u00e9rdidas de orina.<\/li>\n<li data-start=\"3640\" data-end=\"3820\"><strong data-start=\"3640\" data-end=\"3661\"><a href=\"https:\/\/www.nushu.cat\/es\/productes\/higiene-menstrual-sostenible\/compresas_de_tela\/dia\/\">Compresas de dia:<\/a><\/strong> de absorci\u00f3n mediana o fuerte. Los modelos<strong data-start=\"3701\" data-end=\"3706\"><a href=\"https:\/\/www.nushu.cat\/es\/producto\/m\/\"> M<\/a><\/strong> y <strong data-start=\"3709\" data-end=\"3714\"><a href=\"https:\/\/www.nushu.cat\/es\/producto\/l\/\">L <\/a><\/strong>se adaptan a reglas poco abundantes o sangrados m\u00e1s intensos, y tambi\u00e9n a p\u00e9rdidas de orina moderadas o severas.<\/li>\n<li data-start=\"3823\" data-end=\"3984\"><a href=\"https:\/\/www.nushu.cat\/es\/productes\/higiene-menstrual-sostenible\/compresas_de_tela\/noche\/\"><strong data-start=\"3823\" data-end=\"3844\">Compresas de noche: <\/strong><\/a>con absorci\u00f3n muy fuerte y dise\u00f1o m\u00e1s largo por detr\u00e1s, perfectas para dormir con tranquilidad. Disponibles en tallas <a href=\"https:\/\/www.nushu.cat\/es\/producto\/xl\/\"> <strong data-start=\"3965\" data-end=\"3971\">XL<\/strong> y<\/a> <a href=\"https:\/\/www.nushu.cat\/es\/producto\/xxl\/\"><strong data-start=\"3974\" data-end=\"3981\">XXL<\/strong> <\/a>.<\/li>\n<li data-start=\"3987\" data-end=\"4130\"><strong data-start=\"3987\" data-end=\"4014\"><a href=\"https:\/\/www.nushu.cat\/es\/productes\/higiene-menstrual-sostenible\/compresas_de_tela\/grandes\/\">Compresas grandes algod\u00f3n<\/a><\/strong> o <strong data-start=\"4017\" data-end=\"4047\"><a href=\"https:\/\/www.nushu.cat\/es\/productes\/higiene-menstrual-sostenible\/compresas_de_tela\/postparto\/\">compresas para el postparto:<\/a><\/strong> para sangrados muy abundantes, con m\u00e1xima capacidad de absorci\u00f3n y cobertura extra.<\/li>\n<\/ul>\n<p data-start=\"4132\" data-end=\"4287\">\u00a1Te invito a que te <strong data-start=\"4147\" data-end=\"4192\"><a href=\"https:\/\/www.nushu.cat\/wp-content\/uploads\/2024\/02\/nushu-diagrama_vat-1.pdf\">descargues este diagrama menstrual<\/a><\/strong> y empieces a ponerlo en pr\u00e1ctica! \u00a1Es una herramienta que si la sabes utilizar te ser\u00e1 muy valiosa!<\/p>\n","protected":false},"excerpt":{"rendered":"<ul>\n<li data-start=\"662\" data-end=\"858\">Compresa de <strong data-start=\"674\" data-end=\"709\">tela ecol\u00f3gica de absorci\u00f3n fuerte,<\/strong> pensada para los d\u00edas de regla m\u00e1s abundantes. Confeccionada en <strong data-start=\"774\" data-end=\"818\">algod\u00f3n org\u00e1nico certificado GOTS y OEKO-TEX\u00ae<\/strong>, suave y respetuosa con tu piel.<\/li>\n<li data-start=\"861\" data-end=\"934\">Del <strong data-start=\"867\" data-end=\"911\">mismo tama\u00f1o que la <a href=\"https:\/\/www.nushu.cat\/es\/producto\/m-eco\/\">compresa M ecol\u00f3gica<\/a><\/strong>, pero m\u00e1s absorbente.<\/li>\n<li data-start=\"937\" data-end=\"1002\">Para el d\u00eda de <strong data-start=\"951\" data-end=\"965\">mayor sangrado<\/strong>, o para llevarla <strong data-start=\"983\" data-end=\"999\">muchas horas.<\/strong><\/li>\n<li data-start=\"1005\" data-end=\"1041\">Para<strong data-start=\"1011\" data-end=\"1039\"> p\u00e9rdidas de orina severas.<\/strong><\/li>\n<li data-start=\"1044\" data-end=\"1073\"><strong data-start=\"1044\" data-end=\"1054\">Medidas:<\/strong> 21 \u00d7 7 cm aprox.<\/li>\n<\/ul>\n","protected":false},"featured_media":268360,"template":"","meta":{"_acf_changed":false},"product_brand":[],"product_cat":[846,224,207],"product_tag":[],"class_list":{"0":"post-5480","1":"product","2":"type-product","3":"status-publish","4":"has-post-thumbnail","6":"product_cat-dia","7":"product_cat-compresas_de_tela","8":"product_cat-higiene-menstrual-sostenible","10":"first","11":"instock","12":"taxable","13":"shipping-taxable","14":"purchasable","15":"product-type-variable","16":"has-default-attributes"},"acf":[],"yoast_head":"<!-- This site is optimized with the Yoast SEO plugin v27.4 - https:\/\/yoast.com\/product\/yoast-seo-wordpress\/ -->\n<title>Compresa de d\u00eda ecol\u00f3gica L reutilizable - n\u00fcshu<\/title>\n<meta name=\"description\" content=\"Compresa reutilizable de tela ecol\u00f3gica para los d\u00edas de regla con flujo abundante. Hecha en Espa\u00f1a con algod\u00f3n org\u00e1nico certificado GOTS y OEKO-TEX\u00ae. Menstruaci\u00f3n sostenible con n\u00fcshu.\" \/>\n<meta name=\"robots\" content=\"index, follow, max-snippet:-1, max-image-preview:large, max-video-preview:-1\" \/>\n<link rel=\"canonical\" href=\"https:\/\/www.nushu.cat\/es\/producto\/compresa-tela-dia-ecologica-l\/\" \/>\n<meta property=\"og:locale\" content=\"es_ES\" \/>\n<meta property=\"og:type\" content=\"article\" \/>\n<meta property=\"og:title\" content=\"Compresa de d\u00eda ecol\u00f3gica L reutilizable - n\u00fcshu\" \/>\n<meta property=\"og:description\" content=\"Compresa reutilizable de tela ecol\u00f3gica para los d\u00edas de regla con flujo abundante. Hecha en Espa\u00f1a con algod\u00f3n org\u00e1nico certificado GOTS y OEKO-TEX\u00ae. Menstruaci\u00f3n sostenible con n\u00fcshu.\" \/>\n<meta property=\"og:url\" content=\"https:\/\/www.nushu.cat\/es\/producto\/compresa-tela-dia-ecologica-l\/\" \/>\n<meta property=\"og:site_name\" content=\"n\u00fcshu\" \/>\n<meta property=\"article:publisher\" content=\"https:\/\/www.facebook.com\/nushu.artesania\/\" \/>\n<meta property=\"article:modified_time\" content=\"2026-03-28T10:43:46+00:00\" \/>\n<meta property=\"og:image\" content=\"https:\/\/www.nushu.cat\/wp-content\/uploads\/2020\/05\/compresa-dia-eco-l-floral-pink.webp\" \/>\n\t<meta property=\"og:image:width\" content=\"693\" \/>\n\t<meta property=\"og:image:height\" content=\"692\" \/>\n\t<meta property=\"og:image:type\" content=\"image\/webp\" \/>\n<meta name=\"twitter:card\" content=\"summary_large_image\" \/>\n<meta name=\"twitter:label1\" content=\"Tiempo de lectura\" \/>\n\t<meta name=\"twitter:data1\" content=\"3 minutos\" \/>\n<!-- \/ Yoast SEO plugin. -->","yoast_head_json":{"title":"Compresa de d\u00eda ecol\u00f3gica L reutilizable - n\u00fcshu","description":"Compresa reutilizable de tela ecol\u00f3gica para los d\u00edas de regla con flujo abundante. Hecha en Espa\u00f1a con algod\u00f3n org\u00e1nico certificado GOTS y OEKO-TEX\u00ae. Menstruaci\u00f3n sostenible con n\u00fcshu.","robots":{"index":"index","follow":"follow","max-snippet":"max-snippet:-1","max-image-preview":"max-image-preview:large","max-video-preview":"max-video-preview:-1"},"canonical":"https:\/\/www.nushu.cat\/es\/producto\/compresa-tela-dia-ecologica-l\/","og_locale":"es_ES","og_type":"article","og_title":"Compresa de d\u00eda ecol\u00f3gica L reutilizable - n\u00fcshu","og_description":"Compresa reutilizable de tela ecol\u00f3gica para los d\u00edas de regla con flujo abundante. Hecha en Espa\u00f1a con algod\u00f3n org\u00e1nico certificado GOTS y OEKO-TEX\u00ae. Menstruaci\u00f3n sostenible con n\u00fcshu.","og_url":"https:\/\/www.nushu.cat\/es\/producto\/compresa-tela-dia-ecologica-l\/","og_site_name":"n\u00fcshu","article_publisher":"https:\/\/www.facebook.com\/nushu.artesania\/","article_modified_time":"2026-03-28T10:43:46+00:00","og_image":[{"width":693,"height":692,"url":"https:\/\/www.nushu.cat\/wp-content\/uploads\/2020\/05\/compresa-dia-eco-l-floral-pink.webp","type":"image\/webp"}],"twitter_card":"summary_large_image","twitter_misc":{"Tiempo de lectura":"3 minutos"},"schema":{"@context":"https:\/\/schema.org","@graph":[{"@type":"WebPage","@id":"https:\/\/www.nushu.cat\/es\/producto\/compresa-tela-dia-ecologica-l\/","url":"https:\/\/www.nushu.cat\/es\/producto\/compresa-tela-dia-ecologica-l\/","name":"Compresa de d\u00eda ecol\u00f3gica L reutilizable - n\u00fcshu","isPartOf":{"@id":"https:\/\/www.nushu.cat\/es\/#website"},"primaryImageOfPage":{"@id":"https:\/\/www.nushu.cat\/es\/producto\/compresa-tela-dia-ecologica-l\/#primaryimage"},"image":{"@id":"https:\/\/www.nushu.cat\/es\/producto\/compresa-tela-dia-ecologica-l\/#primaryimage"},"thumbnailUrl":"https:\/\/www.nushu.cat\/wp-content\/uploads\/2020\/05\/compresa-dia-eco-l-floral-pink.webp","datePublished":"2020-05-28T07:43:29+00:00","dateModified":"2026-03-28T10:43:46+00:00","description":"Compresa reutilizable de tela ecol\u00f3gica para los d\u00edas de regla con flujo abundante. Hecha en Espa\u00f1a con algod\u00f3n org\u00e1nico certificado GOTS y OEKO-TEX\u00ae. Menstruaci\u00f3n sostenible con n\u00fcshu.","breadcrumb":{"@id":"https:\/\/www.nushu.cat\/es\/producto\/compresa-tela-dia-ecologica-l\/#breadcrumb"},"inLanguage":"es","potentialAction":[{"@type":"ReadAction","target":["https:\/\/www.nushu.cat\/es\/producto\/compresa-tela-dia-ecologica-l\/"]}]},{"@type":"ImageObject","inLanguage":"es","@id":"https:\/\/www.nushu.cat\/es\/producto\/compresa-tela-dia-ecologica-l\/#primaryimage","url":"https:\/\/www.nushu.cat\/wp-content\/uploads\/2020\/05\/compresa-dia-eco-l-floral-pink.webp","contentUrl":"https:\/\/www.nushu.cat\/wp-content\/uploads\/2020\/05\/compresa-dia-eco-l-floral-pink.webp","width":693,"height":692,"caption":"Compresa de d\u00eda ecol\u00f3gica L estampado Floral Pink reutilizable n\u00fcshu"},{"@type":"BreadcrumbList","@id":"https:\/\/www.nushu.cat\/es\/producto\/compresa-tela-dia-ecologica-l\/#breadcrumb","itemListElement":[{"@type":"ListItem","position":1,"name":"Inici","item":"https:\/\/www.nushu.cat\/es\/compreses-de-tela\/"},{"@type":"ListItem","position":2,"name":"Tienda","item":"https:\/\/www.nushu.cat\/es\/tienda\/"},{"@type":"ListItem","position":3,"name":"Compresa de tela de d\u00eda ecol\u00f3gica L"}]},{"@type":"WebSite","@id":"https:\/\/www.nushu.cat\/es\/#website","url":"https:\/\/www.nushu.cat\/es\/","name":"n\u00fcshu","description":"natural &amp; sostenible","publisher":{"@id":"https:\/\/www.nushu.cat\/es\/#organization"},"potentialAction":[{"@type":"SearchAction","target":{"@type":"EntryPoint","urlTemplate":"https:\/\/www.nushu.cat\/es\/?s={search_term_string}"},"query-input":{"@type":"PropertyValueSpecification","valueRequired":true,"valueName":"search_term_string"}}],"inLanguage":"es"},{"@type":"Organization","@id":"https:\/\/www.nushu.cat\/es\/#organization","name":"n\u00fcshu","url":"https:\/\/www.nushu.cat\/es\/","logo":{"@type":"ImageObject","inLanguage":"es","@id":"https:\/\/www.nushu.cat\/es\/#\/schema\/logo\/image\/","url":"https:\/\/www.nushu.cat\/wp-content\/uploads\/2024\/02\/nushu-share-1-1.png","contentUrl":"https:\/\/www.nushu.cat\/wp-content\/uploads\/2024\/02\/nushu-share-1-1.png","width":1080,"height":1080,"caption":"n\u00fcshu"},"image":{"@id":"https:\/\/www.nushu.cat\/es\/#\/schema\/logo\/image\/"},"sameAs":["https:\/\/www.facebook.com\/nushu.artesania\/","https:\/\/www.instagram.com\/nushu_artesania"]}]}},"jetpack_sharing_enabled":true,"_links":{"self":[{"href":"https:\/\/www.nushu.cat\/es\/wp-json\/wp\/v2\/product\/5480","targetHints":{"allow":["GET"]}}],"collection":[{"href":"https:\/\/www.nushu.cat\/es\/wp-json\/wp\/v2\/product"}],"about":[{"href":"https:\/\/www.nushu.cat\/es\/wp-json\/wp\/v2\/types\/product"}],"version-history":[{"count":6,"href":"https:\/\/www.nushu.cat\/es\/wp-json\/wp\/v2\/product\/5480\/revisions"}],"predecessor-version":[{"id":268384,"href":"https:\/\/www.nushu.cat\/es\/wp-json\/wp\/v2\/product\/5480\/revisions\/268384"}],"wp:featuredmedia":[{"embeddable":true,"href":"https:\/\/www.nushu.cat\/es\/wp-json\/wp\/v2\/media\/268360"}],"wp:attachment":[{"href":"https:\/\/www.nushu.cat\/es\/wp-json\/wp\/v2\/media?parent=5480"}],"wp:term":[{"taxonomy":"product_brand","embeddable":true,"href":"https:\/\/www.nushu.cat\/es\/wp-json\/wp\/v2\/product_brand?post=5480"},{"taxonomy":"product_cat","embeddable":true,"href":"https:\/\/www.nushu.cat\/es\/wp-json\/wp\/v2\/product_cat?post=5480"},{"taxonomy":"product_tag","embeddable":true,"href":"https:\/\/www.nushu.cat\/es\/wp-json\/wp\/v2\/product_tag?post=5480"}],"curies":[{"name":"wp","href":"https:\/\/api.w.org\/{rel}","templated":true}]}}